{"id":1070,"date":"2017-03-27T15:56:56","date_gmt":"2017-03-27T12:56:56","guid":{"rendered":"http:\/\/www.luteryenkilisesi.org\/wp_dev\/?page_id=1070"},"modified":"2020-02-25T09:39:37","modified_gmt":"2020-02-25T06:39:37","slug":"tarih","status":"publish","type":"page","link":"http:\/\/www.luteryenkilisesi.org\/?page_id=1070","title":{"rendered":"TAR\u0130H"},"content":{"rendered":"\n\t<h1 style=\"text-align: left;\"><b>LUTERYEN K\u0130L\u0130SES\u0130 NED\u0130R?<\/b><\/h1>\n<p>Luteryen Kilisesi, Hristiyan mezheplerinden biridir.<\/p>\n<p>Luteryen Kilisesi, 16. y\u00fczy\u0131lda Almanya\u2019da Katolik Kilisesi i\u00e7inde ba\u015flayan Reformasyon hareketinin d\u00fcnyan\u0131n her yan\u0131na yay\u0131lm\u0131\u015f devam\u0131d\u0131r. Ortodoks ve Katolik Kiliseleriyle ayn\u0131 k\u00f6kleri ve uzun tarihi payla\u015fmas\u0131, \u00f6\u011freti\u015finde ve lit\u00fcrjik ayin tarz\u0131nda h\u00e2l\u00e2 belli oluyor. \u00d6b\u00fcr yandan, Martin Luther ve di\u011fer reformcular\u0131n Kutsal Kitap\u2019ta yeniden ke\u015ffetti\u011fi M\u00fcjde merkezli, l\u00fctufla kurtulu\u015f \u00f6\u011fretisi, Luteryen Kilisesi\u2019nin bir\u00e7ok Protestan kilisesiyle de payla\u015ft\u0131\u011f\u0131 unsurdur.<\/p>\n<h2 style=\"text-align: left;\"><b>T\u00dcRK\u0130YE&#8217;DE LUTERYEN K\u0130L\u0130SES\u0130&#8217;N\u0130N TAR\u0130H\u00c7ES\u0130<\/b><\/h2>\n<p>\u0130stanbul&#8217;da hizemt edecek ilk Luteryen rahip 1709 y\u0131l\u0131nda sve\u00e7 taraf\u0131ndan g\u00f6revlendirildi. 1741 y\u0131l\u0131nda \u0130sve\u00e7 Parlamentosu, \u0130stanbul&#8217;da bir kilise yapmak i\u00e7in para toplamaya karar verdi. Bu ama\u00e7 i\u00e7in Almanya ve Finlandiya&#8217;dan da kaynak sa\u011fland\u0131. Kilise, 1748 y\u0131l\u0131nda \u0130sve\u00e7 B\u00fcy\u00fck El\u00e7ili\u011fi&#8217;nin bah\u00e7esinde in\u015fa edildi. Bu kilise 1818&#8217;de yand\u0131 ve yerine h\u00e2l\u00e2 mevcut olan\u00a0 gotik, k\u00fc\u00e7\u00fck ah\u015fap kilise yap\u0131ld\u0131. 1884&#8217;ten sonra \u0130sve\u00e7 h\u00fck\u00fcmeti kilisenin giderlerini ve \u00e7al\u0131\u015fan pederin \u00fccretini kar\u015f\u0131lamaya devam etmedi.<\/p>\n<p>\u0130stanbul&#8217;da ya\u015fayan Luteryen Hristiyanlar 1999 y\u0131l\u0131nda \u0130sve\u00e7 Konsoloslu\u011fu&#8217;nun bo\u015f duran kilisesinde Luteryen ayinlere ba\u015flad\u0131lar. T\u00fcrk\u00e7e konu\u015fan bir peder bulunduktan sonra ayinler T\u00fcrk\u00e7e olarak yap\u0131lmaya ba\u015fland\u0131.<\/p>\n<p>\u0130stanbul Luteryen Kilisesi, \u015eubat 2005&#8217;de T\u00fcrkiye h\u00fck\u00fcmetinin sa\u011flad\u0131\u011f\u0131 imk\u00e2nlarla tescil edildi. Kas\u0131m 2006&#8217;da \u0130stanbul&#8217;daki cemaatin yan\u0131 s\u0131ra, Bulgaristan&#8217;\u0131n Pe\u015ftera ve Almanya&#8217;n\u0131n Mannheim \u015fehirlerindeki T\u00fcrk\u00e7e konu\u015fan Luteryenler de faaliyetlerini \u0130stanbul Luteryen kilisesi ile birlikte s\u00fcrd\u00fcrmeye ba\u015flad\u0131lar. Kas\u0131m\u00a02012&#8217;de \u0130zmir\u2019de Luteryen cemaat a\u00e7\u0131ld\u0131 ve 2013 y\u0131l\u0131n sonunda Bulgaristan\u2019\u0131n Kru\u015fevo k\u00f6y\u00fcnde Luteryen ayinlere ba\u015fland\u0131.<\/p>\n<p>\u0130sve\u00e7 Konsoloslu\u011fu\u2019nun bah\u00e7esindeki kilisenin \u0130stanbul cemaati i\u00e7in k\u00fc\u00e7\u00fck kalmas\u0131ndan dolay\u0131 cemaat 2008 y\u0131l\u0131nda \u0130stiklal Caddesi \u00fczerinde bo\u015f duran Ermeni Katolik Surp Yerrortutyun (Kutsal \u00dc\u00e7l\u00fc Birlik) Kilisesi&#8217;ne ta\u015f\u0131nd\u0131. Kutsal \u00dc\u00e7l\u00fc Birlik Kilisesi&#8217;nde yap\u0131lacak tadilat i\u015flerinden dolay\u0131 cemaat Nisan 2016\u2019dan beri faaliyetlerini Karak\u00f6y&#8217;deki Ermeni Katolik Surp P\u0131rgi\u00e7 (Kutsal Kurtar\u0131c\u0131) Kilise\u2019sinde s\u00fcrd\u00fcrmektedir.<\/p>\n<h2 style=\"text-align: center;\"><\/h2>\n\t<h3 style=\"text-align: center;\"><\/h3>\n","protected":false},"excerpt":{"rendered":"<p>LUTERYEN K\u0130L\u0130SES\u0130 NED\u0130R? Luteryen Kilisesi, Hristiyan mezheplerinden biridir. Luteryen Kilisesi, 16. y\u00fczy\u0131lda Almanya\u2019da Katolik Kilisesi i\u00e7inde ba\u015flayan Reformasyon hareketinin d\u00fcnyan\u0131n her yan\u0131na yay\u0131lm\u0131\u015f devam\u0131d\u0131r. Ortodoks ve Katolik Kiliseleriyle ayn\u0131 k\u00f6kleri &hellip; <a href=\"http:\/\/www.luteryenkilisesi.org\/?page_id=1070\" class=\"more-link\">Continue reading <span class=\"screen-reader-text\">TAR\u0130H<\/span> <span class=\"meta-nav\">&rarr;<\/span><\/a><\/p>\n","protected":false},"author":1,"featured_media":0,"parent":0,"menu_order":0,"comment_status":"closed","ping_status":"closed","template":"","meta":{"_monsterinsights_skip_tracking":false,"_monsterinsights_sitenote_active":false,"_monsterinsights_sitenote_note":"","_monsterinsights_sitenote_category":0,"footnotes":""},"class_list":["post-1070","page","type-page","status-publish","hentry"],"_links":{"self":[{"href":"http:\/\/www.luteryenkilisesi.org\/index.php?rest_route=\/wp\/v2\/pages\/1070","targetHints":{"allow":["GET"]}}],"collection":[{"href":"http:\/\/www.luteryenkilisesi.org\/index.php?rest_route=\/wp\/v2\/pages"}],"about":[{"href":"http:\/\/www.luteryenkilisesi.org\/index.php?rest_route=\/wp\/v2\/types\/page"}],"author":[{"embeddable":true,"href":"http:\/\/www.luteryenkilisesi.org\/index.php?rest_route=\/wp\/v2\/users\/1"}],"replies":[{"embeddable":true,"href":"http:\/\/www.luteryenkilisesi.org\/index.php?rest_route=%2Fwp%2Fv2%2Fcomments&post=1070"}],"version-history":[{"count":8,"href":"http:\/\/www.luteryenkilisesi.org\/index.php?rest_route=\/wp\/v2\/pages\/1070\/revisions"}],"predecessor-version":[{"id":2006,"href":"http:\/\/www.luteryenkilisesi.org\/index.php?rest_route=\/wp\/v2\/pages\/1070\/revisions\/2006"}],"wp:attachment":[{"href":"http:\/\/www.luteryenkilisesi.org\/index.php?rest_route=%2Fwp%2Fv2%2Fmedia&parent=1070"}],"curies":[{"name":"wp","href":"https:\/\/api.w.org\/{rel}","templated":true}]}}