{"id":1730,"date":"2018-10-09T12:44:19","date_gmt":"2018-10-09T09:44:19","guid":{"rendered":"http:\/\/www.luteryenkilisesi.org\/?post_type=tribe_events&#038;p=1730"},"modified":"2022-12-23T22:00:45","modified_gmt":"2022-12-23T19:00:45","slug":"masum-cocuklar-gunu-4-noel-gunu","status":"publish","type":"tribe_events","link":"http:\/\/www.luteryenkilisesi.org\/?tribe_events=masum-cocuklar-gunu-4-noel-gunu","title":{"rendered":"Masum \u00e7ocuklar g\u00fcn\u00fc"},"content":{"rendered":"<p><strong><img loading=\"lazy\" decoding=\"async\" class=\"size-full wp-image-1728 alignleft\" src=\"http:\/\/www.luteryenkilisesi.org\/wp-content\/uploads\/2018\/10\/kizil_liturjik.jpg\" alt=\"\" width=\"203\" height=\"266\" \/><\/strong><\/p>\n<p>&nbsp;<\/p>\n<p><strong>Lit\u00fcrjik renk:<\/strong>\u00a0K\u0131z\u0131l<br \/>\n<strong>Mezmur:<\/strong>\u00a0<a href=\"https:\/\/sahneleme.incil.info\/referans\/Mezmurlar+124:1\" target=\"_blank\" rel=\"noopener noreferrer\">124<\/a><br \/>\n<strong>Eski Antla\u015fma\u2019dan:<\/strong>\u00a0 <a href=\"https:\/\/sahneleme.incil.info\/referans\/M%C4%B1s%C4%B1r'dan+%C3%87%C4%B1k%C4%B1%C5%9F+1:22\" target=\"_blank\" rel=\"noopener noreferrer\">\u00c7\u0131k. 1:22-2:10<\/a><br \/>\n<strong>Yeni Antla\u015fma\u2019dan:<\/strong>\u00a0<a href=\"https:\/\/sahneleme.incil.info\/referans\/Vahiy+12:1\" target=\"_blank\" rel=\"noopener noreferrer\">Va. 12:1-6<\/a>, <a href=\"https:\/\/sahneleme.incil.info\/referans\/Vahiy+12:13\" target=\"_blank\" rel=\"noopener noreferrer\">13-17<\/a><br \/>\n<strong>M\u00fcjde:<\/strong>\u00a0<a href=\"https:\/\/sahneleme.incil.info\/referans\/Matta+2:13\" target=\"_blank\" rel=\"noopener noreferrer\">Matta 2:13-21<\/a><\/p>\n","protected":false},"excerpt":{"rendered":"<p>&nbsp; Lit\u00fcrjik renk:\u00a0K\u0131z\u0131l Mezmur:\u00a0124 Eski Antla\u015fma\u2019dan:\u00a0 \u00c7\u0131k. 1:22-2:10 Yeni Antla\u015fma\u2019dan:\u00a0Va. 12:1-6, 13-17 M\u00fcjde:\u00a0Matta 2:13-21<\/p>\n","protected":false},"author":11,"featured_media":0,"template":"","meta":{"_monsterinsights_skip_tracking":false,"_monsterinsights_sitenote_active":false,"_monsterinsights_sitenote_note":"","_monsterinsights_sitenote_category":0,"_tribe_events_status":"","_tribe_events_status_reason":"","footnotes":""},"tags":[],"tribe_events_cat":[18,16],"class_list":["post-1730","tribe_events","type-tribe_events","status-publish","hentry","tribe_events_cat-b-yili","tribe_events_cat-kilise-takvimi","cat_b-yili","cat_kilise-takvimi"],"_links":{"self":[{"href":"http:\/\/www.luteryenkilisesi.org\/index.php?rest_route=\/wp\/v2\/tribe_events\/1730","targetHints":{"allow":["GET"]}}],"collection":[{"href":"http:\/\/www.luteryenkilisesi.org\/index.php?rest_route=\/wp\/v2\/tribe_events"}],"about":[{"href":"http:\/\/www.luteryenkilisesi.org\/index.php?rest_route=\/wp\/v2\/types\/tribe_events"}],"author":[{"embeddable":true,"href":"http:\/\/www.luteryenkilisesi.org\/index.php?rest_route=\/wp\/v2\/users\/11"}],"version-history":[{"count":4,"href":"http:\/\/www.luteryenkilisesi.org\/index.php?rest_route=\/wp\/v2\/tribe_events\/1730\/revisions"}],"predecessor-version":[{"id":2331,"href":"http:\/\/www.luteryenkilisesi.org\/index.php?rest_route=\/wp\/v2\/tribe_events\/1730\/revisions\/2331"}],"wp:attachment":[{"href":"http:\/\/www.luteryenkilisesi.org\/index.php?rest_route=%2Fwp%2Fv2%2Fmedia&parent=1730"}],"wp:term":[{"taxonomy":"post_tag","embeddable":true,"href":"http:\/\/www.luteryenkilisesi.org\/index.php?rest_route=%2Fwp%2Fv2%2Ftags&post=1730"},{"taxonomy":"tribe_events_cat","embeddable":true,"href":"http:\/\/www.luteryenkilisesi.org\/index.php?rest_route=%2Fwp%2Fv2%2Ftribe_events_cat&post=1730"}],"curies":[{"name":"wp","href":"https:\/\/api.w.org\/{rel}","templated":true}]}}