{"id":1766,"date":"2018-10-10T15:03:12","date_gmt":"2018-10-10T12:03:12","guid":{"rendered":"http:\/\/www.luteryenkilisesi.org\/?post_type=tribe_events&#038;p=1766"},"modified":"2025-03-20T17:37:52","modified_gmt":"2025-03-20T14:37:52","slug":"palmiye-pazar","status":"publish","type":"tribe_events","link":"http:\/\/www.luteryenkilisesi.org\/?tribe_events=palmiye-pazar","title":{"rendered":"Palmiye Pazar\u0131"},"content":{"rendered":"<p><strong><img loading=\"lazy\" decoding=\"async\" class=\"wp-image-1767 size-full alignleft\" src=\"http:\/\/www.luteryenkilisesi.org\/wp-content\/uploads\/2018\/10\/mor_paskalya_liturjik.jpg\" alt=\"\" width=\"272\" height=\"228\" \/><\/strong><\/p>\n<p>&nbsp;<\/p>\n<p><strong>Lit\u00fcrjik renk:<\/strong>\u00a0Mor<br \/>\n<strong>Mezmur:<\/strong>\u00a022:1-5<br \/>\n<strong>Eski Antla\u015fma\u2019dan:<\/strong>\u00a0 Y\u015fa. 50:4-10<br \/>\n<strong>Yeni Antla\u015fma\u2019dan:<\/strong>\u00a0Flp 2:5-11<br \/>\n<strong>M\u00fcjde:<\/strong>\u00a0Yuhanna 12:12-24<\/p>\n<p>&nbsp;<\/p>\n<p class=\"p1\"><span class=\"s1\">Mez. 22:1-5<\/span><\/p>\n<p class=\"p2\"><span class=\"s1\">Tanr\u0131m, Tanr\u0131m, beni neden terk ettin?<br \/>\n<\/span>Ni\u00e7in bana yard\u0131m etmekten,<br \/>\n<span class=\"s1\">Hayk\u0131r\u0131\u015f\u0131ma kulak vermekten uzak duruyorsun?<br \/>\n<\/span><span class=\"s1\">Ey Tanr\u0131m, g\u00fcnd\u00fcz sesleniyorum, yan\u0131t vermiyorsun,<br \/>\n<\/span><span class=\"s1\">Gece sesleniyorum, yine rahat yok bana.<br \/>\n<\/span><span class=\"s1\">Oysa sen kutsals\u0131n,<br \/>\n<\/span><span class=\"s1\">\u0130srail\u2019in \u00f6vg\u00fcleri \u00fczerine taht kuran sensin.<br \/>\n<\/span><span class=\"s1\">Sana g\u00fcvendiler atalar\u0131m\u0131z,<br \/>\n<\/span><span class=\"s1\">Sana dayand\u0131lar, onlar\u0131 kurtard\u0131n.<br \/>\n<\/span><span class=\"s1\">Sana yakar\u0131p kurtuldular,<br \/>\n<\/span><span class=\"s1\">Sana g\u00fcvendiler, aldanmad\u0131lar.<br \/>\n<\/span><span class=\"s1\">=========<br \/>\nY\u015fa. 50:4-10<\/span><\/p>\n<p class=\"p2\"><span class=\"s1\">Yorgunlara s\u00f6zle destek olmay\u0131 bileyim diye<br \/>\n<\/span><span class=\"s1\">Egemen RAB bana e\u011fitilmi\u015flerin dilini verdi.<br \/>\n<\/span><span class=\"s1\">E\u011fitilenler gibi dinleyeyim diye kula\u011f\u0131m\u0131 uyand\u0131r\u0131r her sabah.<br \/>\n<\/span><span class=\"s1\">Egemen RAB kula\u011f\u0131m\u0131 a\u00e7t\u0131,<br \/>\n<\/span><span class=\"s1\">Kar\u015f\u0131 koymad\u0131m, geri \u00e7ekilmedim.<br \/>\n<\/span><span class=\"s1\">Bana vuranlara s\u0131rt\u0131m\u0131 a\u00e7t\u0131m,<br \/>\n<\/span><span class=\"s1\">Yanaklar\u0131m\u0131 uzatt\u0131m sakal\u0131m\u0131 yolanlara.<br \/>\n<\/span><span class=\"s1\">A\u015fa\u011f\u0131lamalardan, t\u00fck\u00fcr\u00fckten y\u00fcz\u00fcm\u00fc gizlemedim.<br \/>\n<\/span><span class=\"s1\">Egemen RAB bana yard\u0131m etti\u011fi i\u00e7in<br \/>\n<\/span><span class=\"s1\">Utan\u00e7 duymam.<br \/>\n<\/span><span class=\"s1\">Karar\u0131mdan d\u00f6nmem,<br \/>\n<\/span><span class=\"s1\">Utand\u0131r\u0131lmayaca\u011f\u0131m\u0131 bilirim.<br \/>\n<\/span><span class=\"s1\">Beni hakl\u0131 \u00e7\u0131karan yak\u0131n\u0131mda.<br \/>\n<\/span><span class=\"s1\">Benden davac\u0131 olan kim, y\u00fczle\u015felim,<br \/>\n<\/span><span class=\"s1\">Kimdir hasm\u0131m, kar\u015f\u0131ma \u00e7\u0131ks\u0131n.<br \/>\n<\/span><span class=\"s1\">Bana yard\u0131m eden Egemen RAB\u2019dir,<br \/>\n<\/span><span class=\"s1\">Kim su\u00e7lu \u00e7\u0131karacak beni?<br \/>\n<\/span><span class=\"s1\">Onlar\u0131n hepsi giysi gibi eskiyecek,<br \/>\n<\/span><span class=\"s1\">T\u00fcm\u00fcn\u00fc g\u00fcve yiyip bitirecek.<br \/>\n<\/span><span class=\"s1\">Aran\u0131zda RAB\u2019den korkan,<br \/>\n<\/span><span class=\"s1\">Kulunun s\u00f6z\u00fcn\u00fc dinleyen kim var?<br \/>\n<\/span><span class=\"s1\">Karanl\u0131kta y\u00fcr\u00fcyen, \u0131\u015f\u0131\u011f\u0131 olmayan,<br \/>\n<\/span><span class=\"s1\">RAB\u2019bin ad\u0131na g\u00fcvensin, Tanr\u0131s\u0131na dayans\u0131n.<br \/>\n=========<br \/>\n<\/span><span class=\"s1\">Flp. 2:5-11<\/span><\/p>\n<p class=\"p2\"><span class=\"s1\">Mesih \u0130sa\u2019daki d\u00fc\u015f\u00fcnce sizde de olsun. Mesih, Tanr\u0131 \u00f6z\u00fcne sahip oldu\u011fu halde, Tanr\u0131\u2019ya e\u015fitli\u011fi s\u0131ms\u0131k\u0131 sar\u0131lacak bir hak saymad\u0131. Ama kul \u00f6z\u00fcn\u00fc al\u0131p insan benzeyi\u015finde do\u011farak ululu\u011funu bir yana b\u0131rakt\u0131. \u0130nsan bi\u00e7imine b\u00fcr\u00fcnm\u00fc\u015f olarak \u00f6l\u00fcme, \u00e7arm\u0131h \u00fczerinde \u00f6l\u00fcme bile boyun e\u011fip kendini al\u00e7altt\u0131. Bunun i\u00e7in de Tanr\u0131 O\u2019nu pek \u00e7ok y\u00fckseltti ve O\u2019na her ad\u0131n \u00fcst\u00fcnde olan ad\u0131 ba\u011f\u0131\u015flad\u0131. \u00d6yle ki, \u0130sa\u2019n\u0131n ad\u0131 an\u0131ld\u0131\u011f\u0131nda g\u00f6kteki, yerdeki ve yer alt\u0131ndakilerin hepsi diz \u00e7\u00f6ks\u00fcn ve her dil, Baba Tanr\u0131\u2019n\u0131n y\u00fcceltilmesi i\u00e7in \u0130sa Mesih\u2019in Rab oldu\u011funu a\u00e7\u0131k\u00e7a s\u00f6ylesin.<br \/>\n=========<br \/>\n<\/span><span class=\"s1\">Yu. 12:12-24<\/span><\/p>\n<p class=\"p2\"><span class=\"s1\">Ertesi g\u00fcn, bayram\u0131 kutlamaya gelen b\u00fcy\u00fck kalabal\u0131k \u0130sa\u2019n\u0131n Yeru\u015falim\u2019e gelmekte oldu\u011funu duydu. Hurma dallar\u0131 alarak O\u2019nu kar\u015f\u0131lamaya \u00e7\u0131kt\u0131lar. \u2039\u2039Hozana! Rab\u2019bin ad\u0131yla gelene, \u0130srail\u2019in Kral\u0131\u2019na \u00f6vg\u00fcler olsun!\u203a\u203a diye ba\u011f\u0131r\u0131yorlard\u0131.<br \/>\n<\/span><span class=\"s1\"><br \/>\n\u0130sa bir s\u0131pa bulup \u00fczerine bindi. Yaz\u0131lm\u0131\u015f oldu\u011fu gibi,<br \/>\n<\/span><span class=\"s1\">\u2039\u2039Korkma, ey Siyon k\u0131z\u0131!<br \/>\n<\/span><span class=\"s1\">\u0130\u015fte, Kral\u0131n s\u0131paya binmi\u015f geliyor.\u203a\u203a <\/span><\/p>\n<p class=\"p3\"><span class=\"s1\">\u00d6\u011frencileri ilkin bunlar\u0131 anlamad\u0131lar. Ama \u0130sa y\u00fcceltildikten sonra bu s\u00f6zlerin O\u2019nun hakk\u0131nda yaz\u0131ld\u0131\u011f\u0131n\u0131, halk\u0131n bunlar\u0131 O\u2019nun i\u00e7in yapt\u0131\u011f\u0131n\u0131 hat\u0131rlad\u0131lar. Lazar\u2019\u0131 mezardan \u00e7a\u011f\u0131r\u0131p \u00f6l\u00fcmden diriltti\u011fi s\u0131rada \u0130sa\u2019yla birlikte bulunan kalabal\u0131k buna tan\u0131kl\u0131k etti. \u0130sa\u2019n\u0131n bu do\u011fa\u00fcst\u00fc belirtiyi ger\u00e7ekle\u015ftirdi\u011fini duyan halk O\u2019nu kar\u015f\u0131lamaya \u00e7\u0131kt\u0131. Ferisiler ise birbirlerine, \u2039\u2039G\u00f6r\u00fcyorsunuz, elinizden hi\u00e7bir \u015fey gelmiyor. B\u00fct\u00fcn d\u00fcnya O\u2019nun pe\u015fine tak\u0131ld\u0131\u203a\u203a dediler. <\/span><\/p>\n<p class=\"p3\"><span class=\"s1\">Bayramda tap\u0131nmak \u00fczere Yeru\u015falim\u2019e gidenler aras\u0131nda baz\u0131 Grekler vard\u0131. Bunlar, Celile\u2019nin Beytsayda Kenti\u2019nden olan Filipus\u2019a gelerek, \u2039\u2039Efendimiz, \u0130sa\u2019y\u0131 g\u00f6rmek istiyoruz\u203a\u203a diye rica ettiler.<br \/>\n<\/span><span class=\"s1\">Filipus gitti, bunu Andreas\u2019a bildirdi. Andreas ve Filipus da gidip \u0130sa\u2019ya haber verdiler.<\/span><\/p>\n<p><span class=\"s1\">\u0130sa, \u2039\u2039\u0130nsano\u011flu\u2019nun y\u00fcceltilece\u011fi saat geldi\u203a\u203a diye kar\u015f\u0131l\u0131k verdi. \u2039\u2039Size do\u011frusunu s\u00f6yleyeyim, bu\u011fday tanesi topra\u011fa d\u00fc\u015f\u00fcp \u00f6lmedik\u00e7e yaln\u0131z kal\u0131r. Ama \u00f6l\u00fcrse \u00e7ok \u00fcr\u00fcn verir.<\/span><\/p>\n<p class=\"p2\"><span class=\"s1\">\u00a0<\/span><\/p>\n","protected":false},"excerpt":{"rendered":"<p>&nbsp; Lit\u00fcrjik renk:\u00a0Mor Mezmur:\u00a022:1-5 Eski Antla\u015fma\u2019dan:\u00a0 Y\u015fa. 50:4-10 Yeni Antla\u015fma\u2019dan:\u00a0Flp 2:5-11 M\u00fcjde:\u00a0Yuhanna 12:12-24 &nbsp; Mez. 22:1-5 Tanr\u0131m, Tanr\u0131m, beni neden terk ettin? Ni\u00e7in bana yard\u0131m etmekten, Hayk\u0131r\u0131\u015f\u0131ma kulak vermekten uzak &hellip; <a href=\"http:\/\/www.luteryenkilisesi.org\/?tribe_events=palmiye-pazar\" class=\"more-link\">Continue reading <span class=\"screen-reader-text\">Palmiye Pazar\u0131<\/span> <span class=\"meta-nav\">&rarr;<\/span><\/a><\/p>\n","protected":false},"author":2,"featured_media":0,"template":"","meta":{"_monsterinsights_skip_tracking":false,"_monsterinsights_sitenote_active":false,"_monsterinsights_sitenote_note":"","_monsterinsights_sitenote_category":0,"_tribe_events_status":"","_tribe_events_status_reason":"","footnotes":""},"tags":[],"tribe_events_cat":[17,16],"class_list":["post-1766","tribe_events","type-tribe_events","status-publish","hentry","tribe_events_cat-a-yili","tribe_events_cat-kilise-takvimi","cat_a-yili","cat_kilise-takvimi"],"_links":{"self":[{"href":"http:\/\/www.luteryenkilisesi.org\/index.php?rest_route=\/wp\/v2\/tribe_events\/1766","targetHints":{"allow":["GET"]}}],"collection":[{"href":"http:\/\/www.luteryenkilisesi.org\/index.php?rest_route=\/wp\/v2\/tribe_events"}],"about":[{"href":"http:\/\/www.luteryenkilisesi.org\/index.php?rest_route=\/wp\/v2\/types\/tribe_events"}],"author":[{"embeddable":true,"href":"http:\/\/www.luteryenkilisesi.org\/index.php?rest_route=\/wp\/v2\/users\/2"}],"version-history":[{"count":3,"href":"http:\/\/www.luteryenkilisesi.org\/index.php?rest_route=\/wp\/v2\/tribe_events\/1766\/revisions"}],"predecessor-version":[{"id":2354,"href":"http:\/\/www.luteryenkilisesi.org\/index.php?rest_route=\/wp\/v2\/tribe_events\/1766\/revisions\/2354"}],"wp:attachment":[{"href":"http:\/\/www.luteryenkilisesi.org\/index.php?rest_route=%2Fwp%2Fv2%2Fmedia&parent=1766"}],"wp:term":[{"taxonomy":"post_tag","embeddable":true,"href":"http:\/\/www.luteryenkilisesi.org\/index.php?rest_route=%2Fwp%2Fv2%2Ftags&post=1766"},{"taxonomy":"tribe_events_cat","embeddable":true,"href":"http:\/\/www.luteryenkilisesi.org\/index.php?rest_route=%2Fwp%2Fv2%2Ftribe_events_cat&post=1766"}],"curies":[{"name":"wp","href":"https:\/\/api.w.org\/{rel}","templated":true}]}}