{"id":1769,"date":"2018-10-10T15:08:57","date_gmt":"2018-10-10T12:08:57","guid":{"rendered":"http:\/\/www.luteryenkilisesi.org\/?post_type=tribe_events&#038;p=1769"},"modified":"2025-03-20T17:41:16","modified_gmt":"2025-03-20T14:41:16","slug":"kutsal-haftada-pazartesi","status":"publish","type":"tribe_events","link":"http:\/\/www.luteryenkilisesi.org\/?tribe_events=kutsal-haftada-pazartesi","title":{"rendered":"Kutsal Hafta&#8217;da Pazartesi"},"content":{"rendered":"<p><strong><img loading=\"lazy\" decoding=\"async\" class=\"wp-image-1767 size-full alignleft\" src=\"http:\/\/www.luteryenkilisesi.org\/wp-content\/uploads\/2018\/10\/mor_paskalya_liturjik.jpg\" alt=\"\" width=\"272\" height=\"228\" \/><\/strong><\/p>\n<p>&nbsp;<\/p>\n<p>&nbsp;<\/p>\n<p><strong>Lit\u00fcrjik renk:<\/strong>\u00a0Mor<br \/>\n<strong>Mezmur:<\/strong>\u00a0102:1-10<br \/>\n<strong>Eski Antla\u015fma\u2019dan:<\/strong>\u00a0 Yer. 18:19-20<br \/>\n<strong>Yeni Antla\u015fma\u2019dan:<\/strong>\u00a01Pe 2:21-24<br \/>\n<strong>M\u00fcjde:<\/strong>\u00a0Luka 22:39-62<\/p>\n<p>&nbsp;<\/p>\n<p class=\"p1\"><span class=\"s1\">Mez. 102:1-10<\/span><\/p>\n<p class=\"p2\"><span class=\"s1\">Ya RAB, duam\u0131 i\u015fit,<br \/>\n<\/span><span class=\"s1\">Yakar\u0131\u015f\u0131m sana eri\u015fsin.<br \/>\n<\/span><span class=\"s1\">S\u0131k\u0131nt\u0131l\u0131 g\u00fcn\u00fcmde y\u00fcz\u00fcn\u00fc benden gizleme,<br \/>\n<\/span><span class=\"s1\">Kulak ver sesime,<br \/>\n<\/span><span class=\"s1\">Seslenince yan\u0131t ver bana hemen.<br \/>\n<\/span><span class=\"s1\">\u00c7\u00fcnk\u00fc g\u00fcnlerim duman gibi yok oluyor,<br \/>\n<\/span><span class=\"s1\">Kemiklerim ate\u015f gibi yan\u0131yor.<br \/>\n<\/span><span class=\"s1\">Y\u00fcre\u011fim k\u0131rg\u0131n yemi\u015f ot gibi kurudu,<br \/>\n<\/span><span class=\"s1\">Ekmek yemeyi bile unuttum.<br \/>\n<\/span><span class=\"s1\">Bir deri bir kemi\u011fe d\u00f6nd\u00fcm<br \/>\n<\/span><span class=\"s1\">Ac\u0131 ac\u0131 inlemekten.<br \/>\n<\/span><span class=\"s1\">Iss\u0131z yerlerdeki ishakku\u015funu and\u0131r\u0131yorum,<br \/>\n<\/span><span class=\"s1\">Viranelerdeki kukumav gibiyim.<br \/>\n<\/span><span class=\"s1\">G\u00f6z\u00fcme uyku girmiyor,<br \/>\n<\/span><span class=\"s1\">Damda yaln\u0131z kalm\u0131\u015f bir ku\u015f gibiyim.<br \/>\n<\/span><span class=\"s1\">D\u00fc\u015fmanlar\u0131m b\u00fct\u00fcn g\u00fcn bana hakaret ediyor,<br \/>\n<\/span><span class=\"s1\">Bana dil uzatanlar ad\u0131m\u0131 lanet i\u00e7in kullan\u0131yor.<br \/>\n<\/span><span class=\"s1\">K\u0131z\u0131p \u00f6fkelendi\u011fin i\u00e7in<br \/>\n<\/span><span class=\"s1\">K\u00fcl\u00fc ekmek gibi yiyor,<br \/>\n<\/span><span class=\"s1\">\u0130\u00e7ece\u011fime g\u00f6zya\u015f\u0131 kat\u0131yorum.<br \/>\n<\/span><span class=\"s1\">Beni kald\u0131r\u0131p bir yana att\u0131n.<br \/>\n========<br \/>\n<\/span><span class=\"s1\">Yer. 18:19-20<\/span><\/p>\n<p class=\"p2\"><span class=\"s1\">Dinle beni, ya RAB,<br \/>\n<\/span><span class=\"s1\">Beni su\u00e7layanlar\u0131n dediklerini i\u015fit!<br \/>\n<\/span><span class=\"s1\">\u0130yili\u011fe kar\u015f\u0131 k\u00f6t\u00fcl\u00fck m\u00fc yapmal\u0131?<br \/>\n<\/span><span class=\"s1\">Ama onlar bana \u00e7ukur kazd\u0131lar.<br \/>\n<\/span><span class=\"s1\">Onlara duydu\u011fun \u00f6fkeyi yat\u0131\u015ft\u0131rmak,<br \/>\n<\/span><span class=\"s1\">Onlar\u0131n iyili\u011fini dilemek i\u00e7in<br \/>\n<\/span><span class=\"s1\">Senin \u00f6n\u00fcnde nas\u0131l durdu\u011fumu an\u0131msa.<br \/>\n=======<br \/>\n<\/span><span class=\"s1\">1Pe. 2:21-24<\/span><\/p>\n<p class=\"p2\"><span class=\"s1\">Nitekim bunun i\u00e7in \u00e7a\u011fr\u0131ld\u0131n\u0131z. Mesih, izinden gidesiniz diye u\u011frunuza ac\u0131 \u00e7ekerek size \u00f6rnek oldu. \u2039\u2039O g\u00fcnah i\u015flemedi, a\u011fz\u0131ndan hileli s\u00f6z \u00e7\u0131kmad\u0131.\u203a\u203a Kendisine s\u00f6v\u00fcld\u00fc\u011f\u00fcnde s\u00f6vg\u00fcyle kar\u015f\u0131l\u0131k vermedi, ac\u0131 \u00e7ekti\u011finde kimseyi tehdit etmedi; davas\u0131n\u0131, adaletle yarg\u0131layan Tanr\u0131\u2019ya b\u0131rakt\u0131. Bizler g\u00fcnah kar\u015f\u0131s\u0131nda \u00f6lelim, do\u011fruluk u\u011fruna ya\u015fayal\u0131m diye, g\u00fcnahlar\u0131m\u0131z\u0131 \u00e7arm\u0131hta kendi bedeninde y\u00fcklendi. O\u2019nun yaralar\u0131yla \u015fifa buldunuz.<br \/>\n=======<br \/>\n<\/span><span class=\"s1\">Luk. 22:39-62<\/span><\/p>\n<p class=\"p2\"><span class=\"s1\">\u0130sa d\u0131\u015far\u0131 \u00e7\u0131kt\u0131, her zamanki gibi Zeytin Da\u011f\u0131\u2019na gitti. \u00d6\u011frenciler de O\u2019nun ard\u0131ndan gittiler. Oraya var\u0131nca \u0130sa onlara, \u2039\u2039Dua edin ki ayart\u0131lmayas\u0131n\u0131z\u203a\u203a dedi. Onlardan bir ta\u015f at\u0131m\u0131 kadar uzakla\u015ft\u0131 ve diz \u00e7\u00f6kerek \u015f\u00f6yle dua etti: \u2039\u2039Baba, senin iste\u011fine uygunsa, bu k\u00e2seyi benden uzakla\u015ft\u0131r. Yine de benim de\u011fil, senin istedi\u011fin olsun.\u203a\u203a G\u00f6kten bir melek \u0130sa\u2019ya g\u00f6r\u00fcnerek O\u2019nu g\u00fc\u00e7lendirdi. Derin bir ac\u0131 i\u00e7inde olan \u0130sa daha hararetle dua etti. Teri, topra\u011fa d\u00fc\u015fen kan damlalar\u0131n\u0131 and\u0131r\u0131yordu. <\/span><\/p>\n<p class=\"p3\"><span class=\"s1\">\u0130sa duadan kalk\u0131p \u00f6\u011frencilerin yan\u0131na d\u00f6n\u00fcnce onlar\u0131 \u00fcz\u00fcnt\u00fcden uyumu\u015f buldu. Onlara, \u2039\u2039Ni\u00e7in uyuyorsunuz?\u203a\u203a dedi. \u2039\u2039Kalk\u0131p dua edin ki ayart\u0131lmayas\u0131n\u0131z.\u203a\u203a <\/span><\/p>\n<p class=\"p3\"><span class=\"s1\">\u0130sa daha konu\u015furken bir kalabal\u0131k \u00e7\u0131kageldi. Onikilerden biri, Yahuda ad\u0131ndaki ki\u015fi, kalabal\u0131\u011fa \u00f6nc\u00fcl\u00fck ediyordu. \u0130sa\u2019y\u0131 \u00f6pmek \u00fczere yakla\u015f\u0131nca \u0130sa, \u2039\u2039Yahuda\u203a\u203a dedi, \u2039\u2039\u0130nsano\u011flu\u2019na bir \u00f6p\u00fcc\u00fckle mi ihanet ediyorsun?\u203a\u203a <\/span><\/p>\n<p class=\"p3\"><span class=\"s1\">\u0130sa\u2019n\u0131n \u00e7evresindekiler olacaklar\u0131 anlay\u0131nca, \u2039\u2039Ya Rab, k\u0131l\u0131\u00e7la vural\u0131m m\u0131?\u203a\u203a dediler. \u0130\u00e7lerinden biri ba\u015fk\u00e2hinin k\u00f6lesine vurarak sa\u011f kula\u011f\u0131n\u0131 u\u00e7urdu. <\/span><\/p>\n<p class=\"p3\"><span class=\"s1\">Ama \u0130sa, \u2039\u2039B\u0131rak\u0131n, yeter!\u203a\u203a dedi, sonra k\u00f6lenin kula\u011f\u0131na dokunarak onu iyile\u015ftirdi. <\/span><\/p>\n<p class=\"p3\"><span class=\"s1\">\u0130sa, \u00fczerine y\u00fcr\u00fcyen ba\u015fk\u00e2hinlere, tap\u0131nak koruyucular\u0131n\u0131n komutanlar\u0131na ve ileri gelenlere \u015f\u00f6yle dedi: \u2039\u2039Ni\u00e7in bir haydutmu\u015fum gibi k\u0131l\u0131\u00e7 ve sopalarla geldiniz? Her g\u00fcn tap\u0131nakta sizinle birlikteydim, bana el s\u00fcrmediniz. Ama bu saat sizindir, karanl\u0131\u011f\u0131n egemen oldu\u011fu saattir.\u203a\u203a <\/span><\/p>\n<p class=\"p3\"><span class=\"s1\">\u0130sa\u2019y\u0131 tutuklad\u0131lar, al\u0131p ba\u015fk\u00e2hinin evine g\u00f6t\u00fcrd\u00fcler. Petrus onlar\u0131 uzaktan izliyordu. Avlunun ortas\u0131nda ate\u015f yak\u0131p \u00e7evresinde oturduklar\u0131nda Petrus da gelip onlarla birlikte oturdu. Bir hizmet\u00e7i k\u0131z ate\u015fin \u0131\u015f\u0131\u011f\u0131nda oturan Petrus\u2019u g\u00f6rd\u00fc. Onu dikkatle s\u00fczerek, \u2039\u2039Bu da O\u2019nunla birlikteydi\u203a\u203a dedi. <\/span><\/p>\n<p class=\"p3\"><span class=\"s1\">Ama Petrus, \u2039\u2039Ben O\u2019nu tan\u0131m\u0131yorum, kad\u0131n!\u203a\u203a diye ink\u00e2r etti.<br \/>\n<\/span><span class=\"s1\">Biraz sonra onu g\u00f6ren ba\u015fka biri, \u2039\u2039Sen de onlardans\u0131n\u203a\u203a dedi.<br \/>\n<\/span><span class=\"s1\">Petrus, \u2039\u2039De\u011filim, arkada\u015f!\u203a\u203a dedi. <\/span><\/p>\n<p class=\"p3\"><span class=\"s1\">Yakla\u015f\u0131k bir saat sonra yine bir ba\u015fkas\u0131 \u0131srarla, \u2039\u2039Ger\u00e7ekten bu da O\u2019nunla birlikteydi\u203a\u203a dedi. \u2039\u2039\u00c7\u00fcnk\u00fc Celileli\u2019dir.\u203a\u203a<br \/>\n<\/span><span class=\"s1\">Petrus, \u2039\u2039Sen ne diyorsun be adam, anlam\u0131yorum!\u203a\u203a dedi. Tam o anda, Petrus daha konu\u015furken horoz \u00f6tt\u00fc. Rab arkas\u0131na d\u00f6n\u00fcp Petrus\u2019a bakt\u0131. O zaman Petrus, Rab\u2019bin kendisine, \u2039\u2039Bu gece horoz \u00f6tmeden beni \u00fc\u00e7 kez ink\u00e2r edeceksin\u203a\u203a dedi\u011fini hat\u0131rlad\u0131 ve d\u0131\u015far\u0131 \u00e7\u0131k\u0131p ac\u0131 ac\u0131 a\u011flad\u0131.<\/span><\/p>\n","protected":false},"excerpt":{"rendered":"<p>&nbsp; &nbsp; Lit\u00fcrjik renk:\u00a0Mor Mezmur:\u00a0102:1-10 Eski Antla\u015fma\u2019dan:\u00a0 Yer. 18:19-20 Yeni Antla\u015fma\u2019dan:\u00a01Pe 2:21-24 M\u00fcjde:\u00a0Luka 22:39-62 &nbsp; Mez. 102:1-10 Ya RAB, duam\u0131 i\u015fit, Yakar\u0131\u015f\u0131m sana eri\u015fsin. S\u0131k\u0131nt\u0131l\u0131 g\u00fcn\u00fcmde y\u00fcz\u00fcn\u00fc benden gizleme, Kulak &hellip; <a href=\"http:\/\/www.luteryenkilisesi.org\/?tribe_events=kutsal-haftada-pazartesi\" class=\"more-link\">Continue reading <span class=\"screen-reader-text\">Kutsal Hafta&#8217;da Pazartesi<\/span> <span class=\"meta-nav\">&rarr;<\/span><\/a><\/p>\n","protected":false},"author":11,"featured_media":0,"template":"","meta":{"_monsterinsights_skip_tracking":false,"_monsterinsights_sitenote_active":false,"_monsterinsights_sitenote_note":"","_monsterinsights_sitenote_category":0,"_tribe_events_status":"","_tribe_events_status_reason":"","footnotes":""},"tags":[],"tribe_events_cat":[17,16],"class_list":["post-1769","tribe_events","type-tribe_events","status-publish","hentry","tribe_events_cat-a-yili","tribe_events_cat-kilise-takvimi","cat_a-yili","cat_kilise-takvimi"],"_links":{"self":[{"href":"http:\/\/www.luteryenkilisesi.org\/index.php?rest_route=\/wp\/v2\/tribe_events\/1769","targetHints":{"allow":["GET"]}}],"collection":[{"href":"http:\/\/www.luteryenkilisesi.org\/index.php?rest_route=\/wp\/v2\/tribe_events"}],"about":[{"href":"http:\/\/www.luteryenkilisesi.org\/index.php?rest_route=\/wp\/v2\/types\/tribe_events"}],"author":[{"embeddable":true,"href":"http:\/\/www.luteryenkilisesi.org\/index.php?rest_route=\/wp\/v2\/users\/11"}],"version-history":[{"count":3,"href":"http:\/\/www.luteryenkilisesi.org\/index.php?rest_route=\/wp\/v2\/tribe_events\/1769\/revisions"}],"predecessor-version":[{"id":2355,"href":"http:\/\/www.luteryenkilisesi.org\/index.php?rest_route=\/wp\/v2\/tribe_events\/1769\/revisions\/2355"}],"wp:attachment":[{"href":"http:\/\/www.luteryenkilisesi.org\/index.php?rest_route=%2Fwp%2Fv2%2Fmedia&parent=1769"}],"wp:term":[{"taxonomy":"post_tag","embeddable":true,"href":"http:\/\/www.luteryenkilisesi.org\/index.php?rest_route=%2Fwp%2Fv2%2Ftags&post=1769"},{"taxonomy":"tribe_events_cat","embeddable":true,"href":"http:\/\/www.luteryenkilisesi.org\/index.php?rest_route=%2Fwp%2Fv2%2Ftribe_events_cat&post=1769"}],"curies":[{"name":"wp","href":"https:\/\/api.w.org\/{rel}","templated":true}]}}