{"id":1777,"date":"2018-10-10T15:40:22","date_gmt":"2018-10-10T12:40:22","guid":{"rendered":"http:\/\/www.luteryenkilisesi.org\/?post_type=tribe_events&#038;p=1777"},"modified":"2025-03-20T17:43:04","modified_gmt":"2025-03-20T14:43:04","slug":"kutsal-cuma-2","status":"publish","type":"tribe_events","link":"http:\/\/www.luteryenkilisesi.org\/?tribe_events=kutsal-cuma-2","title":{"rendered":"Kutsal Cuma"},"content":{"rendered":"<p><strong><img loading=\"lazy\" decoding=\"async\" class=\"wp-image-1778 size-full alignleft\" src=\"http:\/\/www.luteryenkilisesi.org\/wp-content\/uploads\/2018\/10\/siyah_liturjik.jpg\" alt=\"\" width=\"121\" height=\"204\" \/><br \/>\n<\/strong><\/p>\n<p><strong>Lit\u00fcrjik renk:<\/strong>\u00a0Siyah<br \/>\n<strong>Mezmur:<\/strong>\u00a022:6-19<br \/>\n<strong>Eski Antla\u015fma\u2019dan:<\/strong>\u00a0 Y\u015fa. 53<br \/>\n<strong>Yeni Antla\u015fma\u2019dan:<\/strong>\u00a02Ko. 5:14-21<br \/>\n<strong>M\u00fcjde:<\/strong>\u00a0Luka 23:32-46, (47-49)<\/p>\n<p>&nbsp;<\/p>\n<p class=\"p1\"><span class=\"s1\">Mez. 22:6-19<\/span><\/p>\n<p class=\"p2\"><span class=\"s1\">Ama ben insan de\u011fil, toprak kurduyum,<br \/>\n<\/span><span class=\"s1\">\u0130nsanlar beni k\u00fc\u00e7\u00fcms\u00fcyor, halk hor g\u00f6r\u00fcyor.<br \/>\n<\/span><span class=\"s1\">\u00a0 \u00a0 \u00a0 \u00a0 \u00a0 \u00a0Beni g\u00f6ren herkes alay ediyor,<br \/>\n<\/span><span class=\"s1\">\u00a0 \u00a0 \u00a0 \u00a0 \u00a0 \u00a0S\u0131r\u0131t\u0131p ba\u015f sallayarak diyorlar ki,<br \/>\n<\/span><span class=\"s1\">\u2039\u2039S\u0131rt\u0131n\u0131 RAB\u2019be dayad\u0131, kurtars\u0131n bakal\u0131m onu,<br \/>\n<\/span><span class=\"s1\">Madem onu seviyor, yard\u0131m etsin!\u203a\u203a<br \/>\n<\/span><span class=\"s1\">\u00a0 \u00a0 \u00a0 \u00a0 \u00a0 \u00a0Oysa beni ana rahminden \u00e7\u0131karan,<br \/>\n<\/span><span class=\"s1\">\u00a0 \u00a0 \u00a0 \u00a0 \u00a0 \u00a0Ana kuca\u011f\u0131ndayken sana g\u00fcvenmeyi \u00f6\u011freten sensin.<br \/>\n<\/span><span class=\"s1\">Do\u011fu\u015fumdan beri sana teslim edildim,<br \/>\n<\/span><span class=\"s1\">Ana rahminden beri Tanr\u0131m sensin.<br \/>\n<\/span><span class=\"s1\">\u00a0 \u00a0 \u00a0 \u00a0 \u00a0 \u00a0Benden uzak durma! \u00c7\u00fcnk\u00fc s\u0131k\u0131nt\u0131 yan\u0131ba\u015f\u0131mda,<br \/>\n<\/span><span class=\"s1\">\u00a0 \u00a0 \u00a0 \u00a0 \u00a0 \u00a0Yard\u0131m edecek kimse yok.<br \/>\n<\/span><span class=\"s1\">Bo\u011falar ku\u015fat\u0131yor beni,<br \/>\n<\/span><span class=\"s1\">Azg\u0131n Ba\u015fan bo\u011falar\u0131 sar\u0131yor \u00e7evremi.<br \/>\n<\/span><span class=\"s1\">\u00a0 \u00a0 \u00a0 \u00a0 \u00a0 \u00a0K\u00fckreyerek av\u0131n\u0131 par\u00e7alayan aslanlar gibi<br \/>\n<\/span><span class=\"s1\">\u00a0 \u00a0 \u00a0 \u00a0 \u00a0 \u00a0A\u011f\u0131zlar\u0131n\u0131 a\u00e7\u0131yorlar bana.<br \/>\n<\/span><span class=\"s1\">Su gibi d\u00f6k\u00fcl\u00fcyorum,<br \/>\n<\/span><span class=\"s1\">B\u00fct\u00fcn kemiklerim oynaklar\u0131ndan \u00e7\u0131k\u0131yor;<br \/>\n<\/span><span class=\"s1\">Y\u00fcre\u011fim balmumu gibi i\u00e7imde eriyor.<br \/>\n<\/span><span class=\"s1\">\u00a0 \u00a0 \u00a0 \u00a0 \u00a0 \u00a0G\u00fcc\u00fcm \u00e7\u00f6mlek par\u00e7as\u0131 gibi kurudu,<br \/>\n<\/span><span class=\"s1\">\u00a0 \u00a0 \u00a0 \u00a0 \u00a0 \u00a0Dilim dama\u011f\u0131ma yap\u0131\u015f\u0131yor;<br \/>\n<\/span><span class=\"s1\">\u00a0 \u00a0 \u00a0 \u00a0 \u00a0 \u00a0Beni \u00f6l\u00fcm topra\u011f\u0131na yat\u0131rd\u0131n.<br \/>\n<\/span><span class=\"s1\">K\u00f6pekler ku\u015fat\u0131yor beni,<br \/>\n<\/span><span class=\"s1\">K\u00f6t\u00fcler s\u00fcr\u00fcs\u00fc \u00e7evremi sar\u0131yor,<br \/>\n<\/span><span class=\"s1\">Ellerimi, ayaklar\u0131m\u0131 deliyorlar.<br \/>\n<\/span><span class=\"s1\">\u00a0 \u00a0 \u00a0 \u00a0 \u00a0 \u00a0B\u00fct\u00fcn kemiklerimi sayar oldum,<br \/>\n<\/span><span class=\"s1\">\u00a0 \u00a0 \u00a0 \u00a0 \u00a0 \u00a0G\u00f6zlerini dikmi\u015f, bana bak\u0131yorlar.<br \/>\n<\/span><span class=\"s1\">Giysilerimi aralar\u0131nda payla\u015f\u0131yor,<br \/>\n<\/span><span class=\"s1\">Elbisem i\u00e7in kura \u00e7ekiyorlar.<br \/>\n<\/span><span class=\"s1\">\u00a0 \u00a0 \u00a0 \u00a0 \u00a0 \u00a0Ama sen, ya RAB, uzak durma;<br \/>\n<\/span><span class=\"s1\">\u00a0 \u00a0 \u00a0 \u00a0 \u00a0 \u00a0Ey g\u00fcc\u00fcm benim, yard\u0131m\u0131ma ko\u015f!<br \/>\n========<br \/>\n<\/span><span class=\"s1\">Y\u015fa. 53<\/span><\/p>\n<p class=\"p2\"><span class=\"s1\">Verdi\u011fimiz habere kim inand\u0131?<br \/>\n<\/span><span class=\"s1\">RAB\u2019bin g\u00fcc\u00fc kime a\u00e7\u0131kland\u0131?<br \/>\n<\/span><span class=\"s1\">O RAB\u2019bin \u00f6n\u00fcnde bir fidan gibi,<br \/>\n<\/span><span class=\"s1\">Kurak yerdeki k\u00f6k gibi b\u00fcy\u00fcd\u00fc.<br \/>\n<\/span><span class=\"s1\">Bak\u0131lacak bi\u00e7imden, g\u00fczellikten yoksundu.<br \/>\n<\/span><span class=\"s1\">G\u00f6nl\u00fcm\u00fcz\u00fc \u00e7eken bir g\u00f6r\u00fcn\u00fc\u015f\u00fc de yoktu.<br \/>\n<\/span><span class=\"s1\">\u0130nsanlarca hor g\u00f6r\u00fcld\u00fc,<br \/>\n<\/span><span class=\"s1\">Yapayaln\u0131z b\u0131rak\u0131ld\u0131.<br \/>\n<\/span><span class=\"s1\">Ac\u0131lar adam\u0131yd\u0131, hastal\u0131\u011f\u0131 yak\u0131ndan tan\u0131d\u0131.<br \/>\n<\/span><span class=\"s1\">\u0130nsanlar\u0131n y\u00fcz \u00e7evirdi\u011fi biri gibi hor g\u00f6r\u00fcld\u00fc,<br \/>\n<\/span><span class=\"s1\">Ona de\u011fer vermedik.<br \/>\n<\/span><span class=\"s1\">\u00a0 \u00a0 \u00a0 \u00a0 \u00a0 \u00a0Asl\u0131nda hastal\u0131klar\u0131m\u0131z\u0131 o \u00fcstlendi,<br \/>\n<\/span><span class=\"s1\">Ac\u0131lar\u0131m\u0131z\u0131 o y\u00fcklendi.<br \/>\n<\/span><span class=\"s1\">Bizse Tanr\u0131 taraf\u0131ndan cezaland\u0131r\u0131ld\u0131\u011f\u0131n\u0131,<br \/>\n<\/span><span class=\"s1\">Vurulup ezildi\u011fini sand\u0131k.<br \/>\n<\/span><span class=\"s1\">Oysa, bizim isyanlar\u0131m\u0131z y\u00fcz\u00fcnden onun bedeni de\u015fildi,<br \/>\n<\/span><span class=\"s1\">Bizim su\u00e7lar\u0131m\u0131z y\u00fcz\u00fcnden o eziyet \u00e7ekti.<br \/>\n<\/span><span class=\"s1\">Esenli\u011fimiz i\u00e7in gerekli olan ceza<br \/>\n<\/span><span class=\"s1\">Ona verildi.<br \/>\n<\/span><span class=\"s1\">Bizler onun yaralar\u0131yla \u015fifa bulduk.<br \/>\n<\/span><span class=\"s1\">Hepimiz koyun gibi yoldan sapm\u0131\u015ft\u0131k,<br \/>\n<\/span><span class=\"s1\">Her birimiz kendi yoluna d\u00f6nd\u00fc.<br \/>\n<\/span><span class=\"s1\">Yine de RAB hepimizin cezas\u0131n\u0131 ona y\u00fckledi.<br \/>\n<\/span><span class=\"s1\">\u00a0 \u00a0 \u00a0 \u00a0 \u00a0 \u00a0O bask\u0131 g\u00f6r\u00fcp eziyet \u00e7ektiyse de<br \/>\n<\/span><span class=\"s1\">A\u011fz\u0131n\u0131 a\u00e7mad\u0131.<br \/>\n<\/span><span class=\"s1\">Kesime g\u00f6t\u00fcr\u00fclen kuzu gibi,<br \/>\n<\/span><span class=\"s1\">K\u0131rk\u0131c\u0131lar\u0131n \u00f6n\u00fcnde sessizce duran koyun gibi<br \/>\n<\/span><span class=\"s1\">A\u00e7mad\u0131 a\u011fz\u0131n\u0131.<br \/>\n<\/span><span class=\"s1\">Ac\u0131mas\u0131zca yarg\u0131lan\u0131p \u00f6l\u00fcme g\u00f6t\u00fcr\u00fcld\u00fc.<br \/>\n<\/span><span class=\"s1\">Halk\u0131m\u0131n isyan\u0131 ve hak etti\u011fi ceza y\u00fcz\u00fcnden<br \/>\n<\/span><span class=\"s1\">Ya\u015fayanlar diyar\u0131ndan at\u0131ld\u0131.<br \/>\n<\/span><span class=\"s1\">Onun ku\u015fa\u011f\u0131ndan bunu d\u00fc\u015f\u00fcnen oldu mu?<br \/>\n<\/span><span class=\"s1\">\u015eiddete ba\u015fvurmad\u0131\u011f\u0131,<br \/>\n<\/span><span class=\"s1\">A\u011fz\u0131ndan hileli s\u00f6z \u00e7\u0131kmad\u0131\u011f\u0131 halde,<br \/>\n<\/span><span class=\"s1\">Ona k\u00f6t\u00fclerin yan\u0131nda bir mezar verildi,<br \/>\n<\/span><span class=\"s1\">Ama \u00f6ld\u00fc\u011f\u00fcnde zenginin yan\u0131ndayd\u0131.<br \/>\n<\/span><span class=\"s1\">\u00a0 \u00a0 \u00a0 \u00a0 \u00a0 \u00a0Ne var ki, RAB onun ezilmesini uygun g\u00f6rd\u00fc,<br \/>\n<\/span><span class=\"s1\">Ac\u0131 \u00e7ekmesini istedi.<br \/>\n<\/span><span class=\"s1\">Can\u0131n\u0131 su\u00e7 sunusu olarak sunarsa<br \/>\n<\/span><span class=\"s1\">Soyundan gelenleri g\u00f6recek ve g\u00fcnleri uzayacak.<br \/>\n<\/span><span class=\"s1\">RAB\u2019bin istemi onun arac\u0131l\u0131\u011f\u0131yla ger\u00e7ekle\u015fecek.<br \/>\n<\/span><span class=\"s1\">Can\u0131n\u0131 feda etti\u011fi i\u00e7in<br \/>\n<\/span><span class=\"s1\">G\u00f6rd\u00fckleriyle ho\u015fnut olacak.<br \/>\n<\/span><span class=\"s1\">RAB\u2019bin do\u011fru kulu, kendisini kabul eden bir\u00e7oklar\u0131n\u0131 aklayacak.<br \/>\n<\/span><span class=\"s1\">\u00c7\u00fcnk\u00fc onlar\u0131n su\u00e7lar\u0131n\u0131 o \u00fcstlendi.<br \/>\n<\/span><span class=\"s1\">Bundan dolay\u0131 ona \u00fcnl\u00fcler aras\u0131nda bir pay verece\u011fim,<br \/>\n<\/span><span class=\"s1\">Ganimeti g\u00fc\u00e7l\u00fclerle payla\u015facak.<br \/>\n<\/span><span class=\"s1\">\u00c7\u00fcnk\u00fc can\u0131n\u0131 feda etti, ba\u015fkald\u0131ranlarla bir say\u0131ld\u0131.<br \/>\n<\/span><span class=\"s1\">Pek \u00e7oklar\u0131n\u0131n g\u00fcnah\u0131n\u0131 o \u00fczerine ald\u0131,<br \/>\n<\/span><span class=\"s1\">Ba\u015fkald\u0131ranlar i\u00e7in de yalvard\u0131.<br \/>\n========<br \/>\n<\/span><span class=\"s1\">2Ko. 5:14-21<\/span><\/p>\n<p class=\"p2\"><span class=\"s1\">Bizi zorlayan, Mesih\u2019in sevgisidir. Yarg\u0131m\u0131z \u015fu: Biri herkes i\u00e7in \u00f6ld\u00fc; \u00f6yleyse hepsi \u00f6ld\u00fc. Evet, Mesih herkes i\u00e7in \u00f6ld\u00fc. \u00d6yle ki, ya\u015fayanlar art\u0131k kendileri i\u00e7in de\u011fil, kendileri u\u011fruna \u00f6l\u00fcp dirilen Mesih i\u00e7in ya\u015fas\u0131nlar. <\/span><\/p>\n<p class=\"p3\"><span class=\"s1\">Bu nedenle, biz art\u0131k kimseyi insan \u00f6l\u00e7\u00fclerine g\u00f6re tan\u0131may\u0131z. Mesih\u2019i bu \u00f6l\u00e7\u00fclere g\u00f6re tan\u0131d\u0131ksa da, art\u0131k \u00f6yle tan\u0131m\u0131yoruz. Bir kimse Mesih\u2019teyse, yeni yarat\u0131kt\u0131r; eski \u015feyler ge\u00e7mi\u015f, her \u015fey yeni olmu\u015ftur. Bunlar\u0131n hepsi Tanr\u0131\u2019dand\u0131r. Tanr\u0131, Mesih arac\u0131l\u0131\u011f\u0131yla bizi kendisiyle bar\u0131\u015ft\u0131rd\u0131 ve bize bar\u0131\u015ft\u0131rma g\u00f6revini verdi. \u015e\u00f6yle ki Tanr\u0131, insanlar\u0131n su\u00e7lar\u0131n\u0131 saymayarak d\u00fcnyay\u0131 Mesih\u2019te kendisiyle bar\u0131\u015ft\u0131rd\u0131 ve bar\u0131\u015ft\u0131rma s\u00f6z\u00fcn\u00fc bize emanet etti. B\u00f6ylece, Tanr\u0131 arac\u0131l\u0131\u011f\u0131m\u0131zla \u00e7a\u011fr\u0131da bulunuyormu\u015f gibi Mesih\u2019in ad\u0131na el\u00e7ilik ediyor, O\u2019nun ad\u0131na yalvar\u0131yoruz: Tanr\u0131\u2019yla bar\u0131\u015f\u0131n. Tanr\u0131, g\u00fcnah\u0131 bilmeyen Mesih\u2019i bizim i\u00e7in g\u00fcnah sunusu yapt\u0131. \u00d6yle ki, Mesih sayesinde Tanr\u0131\u2019n\u0131n do\u011frulu\u011fu olal\u0131m.<br \/>\n========<br \/>\n<\/span><span class=\"s1\">Luk. 23:32-46, (47-49)<\/span><\/p>\n<p class=\"p2\"><span class=\"s1\">\u0130sa\u2019yla birlikte idam edilmek \u00fczere ayr\u0131ca iki su\u00e7lu da g\u00f6t\u00fcr\u00fcl\u00fcyordu. Kafatas\u0131 denilen yere vard\u0131klar\u0131nda \u0130sa\u2019y\u0131, biri sa\u011f\u0131nda \u00f6b\u00fcr\u00fc solunda olmak \u00fczere, iki su\u00e7luyla birlikte \u00e7arm\u0131ha gerdiler. \u0130sa, \u2039\u2039Baba, onlar\u0131 ba\u011f\u0131\u015fla\u203a\u203a dedi. \u2039\u2039\u00c7\u00fcnk\u00fc ne yapt\u0131klar\u0131n\u0131 bilmiyorlar.\u203a\u203a O\u2019nun giysilerini aralar\u0131nda payla\u015fmak i\u00e7in kura \u00e7ektiler.<br \/>\n<\/span><span class=\"s1\">\u00a0 \u00a0 \u00a0 \u00a0 \u00a0 \u00a0Halk orada durmu\u015f, olanlar\u0131 seyrediyordu. Y\u00f6neticiler \u0130sa\u2019yla alay ederek, \u2039\u2039Ba\u015fkalar\u0131n\u0131 kurtard\u0131; e\u011fer Tanr\u0131\u2019n\u0131n Mesihi, Tanr\u0131\u2019n\u0131n se\u00e7ti\u011fi O ise, kendini de kurtars\u0131n\u203a\u203a diyorlard\u0131.<br \/>\n<\/span><span class=\"s1\">\u00a0 \u00a0 \u00a0 \u00a0 \u00a0 \u00a0Askerler de yakla\u015f\u0131p \u0130sa\u2019yla e\u011flendiler. O\u2019na ek\u015fi \u015farap sunarak, \u2039\u2039Sen Yahudiler\u2019in Kral\u0131\u2019ysan, kurtar kendini!\u203a\u203a dediler. Ba\u015f\u0131n\u0131n \u00fczerinde \u015fu yafta vard\u0131:<\/span><\/p>\n<p class=\"p3\"><span class=\"s1\">\u00a0 \u00a0 \u00a0 \u00a0 \u00a0 \u00a0YAHUD\u0130LER\u2019\u0130N KRALI BUDUR<\/span><\/p>\n<p class=\"p3\"><span class=\"s1\">\u00a0 \u00a0 \u00a0 \u00a0 \u00a0 \u00a0\u00c7arm\u0131ha as\u0131lan su\u00e7lulardan biri, \u2039\u2039Sen Mesih de\u011fil misin? Haydi, kendini de bizi de kurtar!\u203a\u203a diye k\u00fcf\u00fcr etti.<br \/>\n<\/span><span class=\"s1\">\u00a0 \u00a0 \u00a0 \u00a0 \u00a0 \u00a0Ne var ki, \u00f6b\u00fcr su\u00e7lu onu azarlad\u0131. \u2039\u2039Sende Tanr\u0131 korkusu da m\u0131 yok?\u203a\u203a diye kar\u015f\u0131l\u0131k verdi. \u2039\u2039Sen de ayn\u0131 cezay\u0131 \u00e7ekiyorsun. Nitekim biz hakl\u0131 olarak cezaland\u0131r\u0131l\u0131yor, yapt\u0131klar\u0131m\u0131z\u0131n kar\u015f\u0131l\u0131\u011f\u0131n\u0131 al\u0131yoruz. Oysa bu adam hi\u00e7bir k\u00f6t\u00fcl\u00fck yapmad\u0131.\u203a\u203a<br \/>\n<\/span><span class=\"s1\">Sonra, \u2039\u2039Ey \u0130sa, kendi egemenli\u011fine girdi\u011finde beni an\u203a\u203a dedi.<br \/>\n<\/span><span class=\"s1\">\u0130sa ona, \u2039\u2039Sana do\u011frusunu s\u00f6yleyeyim, sen bug\u00fcn benimle birlikte cennette olacaks\u0131n\u203a\u203a dedi.<br \/>\n<\/span><span class=\"s1\">\u00a0 \u00a0 \u00a0 \u00a0 \u00a0 \u00a0\u00d6\u011fleyin on iki sular\u0131nda g\u00fcne\u015f karard\u0131, \u00fc\u00e7e kadar b\u00fct\u00fcn \u00fclkenin \u00fczerine karanl\u0131k \u00e7\u00f6kt\u00fc. Tap\u0131naktaki perde ortas\u0131ndan y\u0131rt\u0131ld\u0131. \u0130sa y\u00fcksek sesle, \u2039\u2039Baba, ruhumu ellerine b\u0131rak\u0131yorum!\u203a\u203a diye seslendi. Bunu s\u00f6yledikten sonra son nefesini verdi.<br \/>\n<\/span><span class=\"s1\">\u00a0 \u00a0 \u00a0 \u00a0 \u00a0 \u00a0(Olanlar\u0131 g\u00f6ren y\u00fczba\u015f\u0131, \u2039\u2039Bu adam ger\u00e7ekten do\u011fru biriydi\u203a\u203a diyerek Tanr\u0131\u2019y\u0131 y\u00fcceltmeye ba\u015flad\u0131. Olay\u0131 seyretmek i\u00e7in biriken halk\u0131n t\u00fcm\u00fc olup bitenleri g\u00f6r\u00fcnce g\u00f6\u011f\u00fcslerini d\u00f6ve d\u00f6ve geri d\u00f6nd\u00fcler. Ama \u0130sa\u2019n\u0131n b\u00fct\u00fcn tan\u0131d\u0131klar\u0131 ve Celile\u2019den O\u2019nun ard\u0131ndan gelen kad\u0131nlar uzakta durmu\u015f, olanlar\u0131 seyrediyorlard\u0131.)<\/span><\/p>\n<p class=\"p3\"><span class=\"s1\">\u00a0<\/span><\/p>\n<p class=\"p2\"><span class=\"s1\">\u00a0<\/span><\/p>\n","protected":false},"excerpt":{"rendered":"<p>Lit\u00fcrjik renk:\u00a0Siyah Mezmur:\u00a022:6-19 Eski Antla\u015fma\u2019dan:\u00a0 Y\u015fa. 53 Yeni Antla\u015fma\u2019dan:\u00a02Ko. 5:14-21 M\u00fcjde:\u00a0Luka 23:32-46, (47-49) &nbsp; Mez. 22:6-19 Ama ben insan de\u011fil, toprak kurduyum, \u0130nsanlar beni k\u00fc\u00e7\u00fcms\u00fcyor, halk hor g\u00f6r\u00fcyor. \u00a0 \u00a0 &hellip; <a href=\"http:\/\/www.luteryenkilisesi.org\/?tribe_events=kutsal-cuma-2\" class=\"more-link\">Continue reading <span class=\"screen-reader-text\">Kutsal Cuma<\/span> <span class=\"meta-nav\">&rarr;<\/span><\/a><\/p>\n","protected":false},"author":11,"featured_media":0,"template":"","meta":{"_monsterinsights_skip_tracking":false,"_monsterinsights_sitenote_active":false,"_monsterinsights_sitenote_note":"","_monsterinsights_sitenote_category":0,"_tribe_events_status":"","_tribe_events_status_reason":"","footnotes":""},"tags":[],"tribe_events_cat":[17,16],"class_list":["post-1777","tribe_events","type-tribe_events","status-publish","hentry","tribe_events_cat-a-yili","tribe_events_cat-kilise-takvimi","cat_a-yili","cat_kilise-takvimi"],"_links":{"self":[{"href":"http:\/\/www.luteryenkilisesi.org\/index.php?rest_route=\/wp\/v2\/tribe_events\/1777","targetHints":{"allow":["GET"]}}],"collection":[{"href":"http:\/\/www.luteryenkilisesi.org\/index.php?rest_route=\/wp\/v2\/tribe_events"}],"about":[{"href":"http:\/\/www.luteryenkilisesi.org\/index.php?rest_route=\/wp\/v2\/types\/tribe_events"}],"author":[{"embeddable":true,"href":"http:\/\/www.luteryenkilisesi.org\/index.php?rest_route=\/wp\/v2\/users\/11"}],"version-history":[{"count":3,"href":"http:\/\/www.luteryenkilisesi.org\/index.php?rest_route=\/wp\/v2\/tribe_events\/1777\/revisions"}],"predecessor-version":[{"id":2685,"href":"http:\/\/www.luteryenkilisesi.org\/index.php?rest_route=\/wp\/v2\/tribe_events\/1777\/revisions\/2685"}],"wp:attachment":[{"href":"http:\/\/www.luteryenkilisesi.org\/index.php?rest_route=%2Fwp%2Fv2%2Fmedia&parent=1777"}],"wp:term":[{"taxonomy":"post_tag","embeddable":true,"href":"http:\/\/www.luteryenkilisesi.org\/index.php?rest_route=%2Fwp%2Fv2%2Ftags&post=1777"},{"taxonomy":"tribe_events_cat","embeddable":true,"href":"http:\/\/www.luteryenkilisesi.org\/index.php?rest_route=%2Fwp%2Fv2%2Ftribe_events_cat&post=1777"}],"curies":[{"name":"wp","href":"https:\/\/api.w.org\/{rel}","templated":true}]}}