{"id":1780,"date":"2018-10-10T19:01:37","date_gmt":"2018-10-10T16:01:37","guid":{"rendered":"http:\/\/www.luteryenkilisesi.org\/?post_type=tribe_events&#038;p=1780"},"modified":"2018-10-10T19:01:37","modified_gmt":"2018-10-10T16:01:37","slug":"kutsal-cuma-aksam","status":"publish","type":"tribe_events","link":"http:\/\/www.luteryenkilisesi.org\/?tribe_events=kutsal-cuma-aksam","title":{"rendered":"Kutsal Cuma (ak\u015fam)"},"content":{"rendered":"<p><strong><img loading=\"lazy\" decoding=\"async\" class=\"wp-image-1778 size-full alignleft\" src=\"http:\/\/www.luteryenkilisesi.org\/wp-content\/uploads\/2018\/10\/siyah_liturjik.jpg\" alt=\"\" width=\"121\" height=\"204\" \/><br \/>\nLit\u00fcrjik renk:<\/strong>\u00a0Siyah<br \/>\n<strong>Mezmur:<\/strong>\u00a0142<br \/>\n<strong>Eski Antla\u015fma\u2019dan:<\/strong>\u00a0 Y\u015fa. 53:9-11<br \/>\n<strong>M\u00fcjde:<\/strong>\u00a0Luka 23:47-56<\/p>\n<p>&nbsp;<\/p>\n<p>&nbsp;<\/p>\n<p class=\"p1\"><span class=\"s1\">Mez. 142<\/span><\/p>\n<p class=\"p2\"><span class=\"s1\">Y\u00fcksek sesle yakar\u0131yorum RAB\u2019be,<br \/>\n<\/span><span class=\"s1\">Y\u00fcksek sesle RAB\u2019be yalvar\u0131yorum.<br \/>\n<\/span><span class=\"s1\">\u00a0 \u00a0 \u00a0 \u00a0 \u00a0 \u00a0\u00d6n\u00fcne d\u00f6k\u00fcyorum yak\u0131nmalar\u0131m\u0131,<br \/>\n<\/span><span class=\"s1\">\u00a0 \u00a0 \u00a0 \u00a0 \u00a0 \u00a0\u00d6n\u00fcnde anlat\u0131yorum s\u0131k\u0131nt\u0131lar\u0131m\u0131.<br \/>\n<\/span><span class=\"s1\">Bunal\u0131ma d\u00fc\u015ft\u00fc\u011f\u00fcmde,<br \/>\n<\/span><span class=\"s1\">Gidece\u011fim yolu sen bilirsin.<br \/>\n<\/span><span class=\"s1\">Tuzak kurdular y\u00fcr\u00fcd\u00fc\u011f\u00fcm yola.<br \/>\n<\/span><span class=\"s1\">\u00a0 \u00a0 \u00a0 \u00a0 \u00a0 \u00a0Sa\u011f\u0131ma bak da g\u00f6r,<br \/>\n<\/span><span class=\"s1\">\u00a0 \u00a0 \u00a0 \u00a0 \u00a0 \u00a0Kimse saym\u0131yor beni,<br \/>\n<\/span><span class=\"s1\">\u00a0 \u00a0 \u00a0 \u00a0 \u00a0 \u00a0S\u0131\u011f\u0131nacak yerim kalmad\u0131,<br \/>\n<\/span><span class=\"s1\">\u00a0 \u00a0 \u00a0 \u00a0 \u00a0 \u00a0Kimse aram\u0131yor beni.<br \/>\n<\/span><span class=\"s1\">Sana hayk\u0131r\u0131yorum, ya RAB:<br \/>\n<\/span><span class=\"s1\">\u2039\u2039S\u0131\u011f\u0131na\u011f\u0131m,<br \/>\n<\/span><span class=\"s1\">Ya\u015fad\u0131\u011f\u0131m\u0131z bu d\u00fcnyada nasibim sensin\u203a\u203a diyorum.<br \/>\n<\/span><span class=\"s1\">\u00a0 \u00a0 \u00a0 \u00a0 \u00a0 \u00a0Hayk\u0131r\u0131\u015f\u0131ma kulak ver,<br \/>\n<\/span><span class=\"s1\">\u00a0 \u00a0 \u00a0 \u00a0 \u00a0 \u00a0\u00c7\u00fcnk\u00fc \u00e7ok \u00e7aresizim;<br \/>\n<\/span><span class=\"s1\">\u00a0 \u00a0 \u00a0 \u00a0 \u00a0 \u00a0Kurtar beni ard\u0131ma d\u00fc\u015fenlerden,<br \/>\n<\/span><span class=\"s1\">\u00a0 \u00a0 \u00a0 \u00a0 \u00a0 \u00a0\u00c7\u00fcnk\u00fc benden g\u00fc\u00e7l\u00fcler.<br \/>\n<\/span><span class=\"s1\">\u00c7\u0131kar beni zindandan,<br \/>\n<\/span><span class=\"s1\">Ad\u0131na \u015f\u00fckredeyim.<br \/>\n<\/span><span class=\"s1\">O zaman do\u011frular \u00e7evremi saracak,<br \/>\n<\/span><span class=\"s1\">Bana iyilik etti\u011fin i\u00e7in.<br \/>\n========<br \/>\n<\/span><span class=\"s1\">Y\u015fa 53:9-11<\/span><\/p>\n<p class=\"p2\"><span class=\"s1\">\u015eiddete ba\u015fvurmad\u0131\u011f\u0131,<br \/>\n<\/span><span class=\"s1\">A\u011fz\u0131ndan hileli s\u00f6z \u00e7\u0131kmad\u0131\u011f\u0131 halde,<br \/>\n<\/span><span class=\"s1\">Ona k\u00f6t\u00fclerin yan\u0131nda bir mezar verildi,<br \/>\n<\/span><span class=\"s1\">Ama \u00f6ld\u00fc\u011f\u00fcnde zenginin yan\u0131ndayd\u0131.<br \/>\n<\/span><span class=\"s1\">\u00a0 \u00a0 \u00a0 \u00a0 \u00a0 \u00a0Ne var ki, RAB onun ezilmesini uygun g\u00f6rd\u00fc,<br \/>\n<\/span><span class=\"s1\">Ac\u0131 \u00e7ekmesini istedi.<br \/>\n<\/span><span class=\"s1\">Can\u0131n\u0131 su\u00e7 sunusu olarak sunarsa<br \/>\n<\/span><span class=\"s1\">Soyundan gelenleri g\u00f6recek ve g\u00fcnleri uzayacak.<br \/>\n<\/span><span class=\"s1\">RABbin istemi onun arac\u0131l\u0131\u011f\u0131yla ger\u00e7ekle\u015fecek.<br \/>\n<\/span><span class=\"s1\">Can\u0131n\u0131 feda etti\u011fi i\u00e7in<br \/>\n<\/span><span class=\"s1\">G\u00f6rd\u00fckleriyle ho\u015fnut olacak.<br \/>\n<\/span><span class=\"s1\">RAB\u2019bin do\u011fru kulu, kendisini kabul eden bir\u00e7oklar\u0131n\u0131 aklayacak.<br \/>\n<\/span><span class=\"s1\">\u00c7\u00fcnk\u00fc onlar\u0131n su\u00e7lar\u0131n\u0131 o \u00fcstlendi.<br \/>\n========<br \/>\n<\/span><span class=\"s1\">Luk. 23:47-56<\/span><\/p>\n<p class=\"p2\"><span class=\"s1\">Olanlar\u0131 g\u00f6ren y\u00fczba\u015f\u0131, \u2039\u2039Bu adam ger\u00e7ekten do\u011fru biriydi\u203a\u203a diyerek Tanr\u0131\u2019y\u0131 y\u00fcceltmeye ba\u015flad\u0131. Olay\u0131 seyretmek i\u00e7in biriken halk\u0131n t\u00fcm\u00fc olup bitenleri g\u00f6r\u00fcnce g\u00f6\u011f\u00fcslerini d\u00f6ve d\u00f6ve geri d\u00f6nd\u00fcler. Ama \u0130sa\u2019n\u0131n b\u00fct\u00fcn tan\u0131d\u0131klar\u0131 ve Celile\u2019den O\u2019nun ard\u0131ndan gelen kad\u0131nlar uzakta durmu\u015f, olanlar\u0131 seyrediyorlard\u0131. <\/span><\/p>\n<p class=\"p3\"><span class=\"s1\">Y\u00fcksek Kurul \u00fcyelerinden Yusuf ad\u0131nda iyi ve do\u011fru bir adam vard\u0131. Bir Yahudi kenti olan Aramatya\u2019dan olup Tanr\u0131\u2019n\u0131n Egemenli\u011fi\u2019ni umutla bekleyen Yusuf, Kurul\u2019un karar\u0131n\u0131 ve eylemini onaylamam\u0131\u015ft\u0131. Pilatus\u2019a gidip \u0130sa\u2019n\u0131n cesedini istedi. Cesedi \u00e7arm\u0131htan indirip keten beze sard\u0131, hi\u00e7 kimsenin konulmad\u0131\u011f\u0131, kayaya oyulmu\u015f bir mezara yat\u0131rd\u0131. Haz\u0131rl\u0131k G\u00fcn\u00fc\u2019yd\u00fc ve \u015eabat G\u00fcn\u00fc ba\u015flamak \u00fczereydi. <\/span><\/p>\n<p class=\"p4\"><span class=\"s1\">\u0130sa\u2019yla birlikte Celile\u2019den gelen kad\u0131nlar da Yusuf\u2019un ard\u0131ndan giderek mezar\u0131 ve \u0130sa\u2019n\u0131n cesedinin oraya nas\u0131l konuldu\u011funu g\u00f6rd\u00fcler. Evlerine d\u00f6nerek baharat ve g\u00fczel kokulu ya\u011flar haz\u0131rlad\u0131lar. Ama \u015eabat G\u00fcn\u00fc, Tanr\u0131\u2019n\u0131n buyru\u011fu uyar\u0131nca dinlendiler.<\/span><\/p>\n","protected":false},"excerpt":{"rendered":"<p>Lit\u00fcrjik renk:\u00a0Siyah Mezmur:\u00a0142 Eski Antla\u015fma\u2019dan:\u00a0 Y\u015fa. 53:9-11 M\u00fcjde:\u00a0Luka 23:47-56 &nbsp; &nbsp; Mez. 142 Y\u00fcksek sesle yakar\u0131yorum RAB\u2019be, Y\u00fcksek sesle RAB\u2019be yalvar\u0131yorum. \u00a0 \u00a0 \u00a0 \u00a0 \u00a0 \u00a0\u00d6n\u00fcne d\u00f6k\u00fcyorum yak\u0131nmalar\u0131m\u0131, \u00a0 &hellip; <a href=\"http:\/\/www.luteryenkilisesi.org\/?tribe_events=kutsal-cuma-aksam\" class=\"more-link\">Continue reading <span class=\"screen-reader-text\">Kutsal Cuma (ak\u015fam)<\/span> <span class=\"meta-nav\">&rarr;<\/span><\/a><\/p>\n","protected":false},"author":2,"featured_media":0,"template":"","meta":{"_monsterinsights_skip_tracking":false,"_monsterinsights_sitenote_active":false,"_monsterinsights_sitenote_note":"","_monsterinsights_sitenote_category":0,"_tribe_events_status":"","_tribe_events_status_reason":"","footnotes":""},"tags":[],"tribe_events_cat":[17,16],"class_list":["post-1780","tribe_events","type-tribe_events","status-publish","hentry","tribe_events_cat-a-yili","tribe_events_cat-kilise-takvimi","cat_a-yili","cat_kilise-takvimi"],"_links":{"self":[{"href":"http:\/\/www.luteryenkilisesi.org\/index.php?rest_route=\/wp\/v2\/tribe_events\/1780","targetHints":{"allow":["GET"]}}],"collection":[{"href":"http:\/\/www.luteryenkilisesi.org\/index.php?rest_route=\/wp\/v2\/tribe_events"}],"about":[{"href":"http:\/\/www.luteryenkilisesi.org\/index.php?rest_route=\/wp\/v2\/types\/tribe_events"}],"author":[{"embeddable":true,"href":"http:\/\/www.luteryenkilisesi.org\/index.php?rest_route=\/wp\/v2\/users\/2"}],"version-history":[{"count":1,"href":"http:\/\/www.luteryenkilisesi.org\/index.php?rest_route=\/wp\/v2\/tribe_events\/1780\/revisions"}],"predecessor-version":[{"id":1781,"href":"http:\/\/www.luteryenkilisesi.org\/index.php?rest_route=\/wp\/v2\/tribe_events\/1780\/revisions\/1781"}],"wp:attachment":[{"href":"http:\/\/www.luteryenkilisesi.org\/index.php?rest_route=%2Fwp%2Fv2%2Fmedia&parent=1780"}],"wp:term":[{"taxonomy":"post_tag","embeddable":true,"href":"http:\/\/www.luteryenkilisesi.org\/index.php?rest_route=%2Fwp%2Fv2%2Ftags&post=1780"},{"taxonomy":"tribe_events_cat","embeddable":true,"href":"http:\/\/www.luteryenkilisesi.org\/index.php?rest_route=%2Fwp%2Fv2%2Ftribe_events_cat&post=1780"}],"curies":[{"name":"wp","href":"https:\/\/api.w.org\/{rel}","templated":true}]}}