{"id":1782,"date":"2018-10-10T19:08:11","date_gmt":"2018-10-10T16:08:11","guid":{"rendered":"http:\/\/www.luteryenkilisesi.org\/?post_type=tribe_events&#038;p=1782"},"modified":"2025-03-20T17:43:41","modified_gmt":"2025-03-20T14:43:41","slug":"kutsal-cumartesi","status":"publish","type":"tribe_events","link":"http:\/\/www.luteryenkilisesi.org\/?tribe_events=kutsal-cumartesi","title":{"rendered":"Kutsal Cumartesi"},"content":{"rendered":"<p><strong><img loading=\"lazy\" decoding=\"async\" class=\"wp-image-1778 size-full alignleft\" src=\"http:\/\/www.luteryenkilisesi.org\/wp-content\/uploads\/2018\/10\/siyah_liturjik.jpg\" alt=\"\" width=\"121\" height=\"204\" \/><br \/>\n<\/strong><\/p>\n<p><strong>Lit\u00fcrjik renk:<\/strong>\u00a0Siyah<br \/>\n<strong>Eski Antla\u015fma\u2019dan:<\/strong>\u00a0 Ey\u00fc. 19:25-27<br \/>\n<strong>Yeni Antla\u015fma\u2019dan:<\/strong>\u00a01Pe. 3:18-22<br \/>\n<strong>M\u00fcjde:<\/strong>\u00a0Matta 27:62-66<\/p>\n<p>&nbsp;<\/p>\n<p class=\"p1\"><span class=\"s1\"><br \/>\nEy\u00fc. 19:25-27<\/span><\/p>\n<p class=\"p2\"><span class=\"s1\">Oysa ben kurtar\u0131c\u0131m\u0131n ya\u015fad\u0131\u011f\u0131n\u0131,<br \/>\n<\/span><span class=\"s1\">Sonunda yery\u00fcz\u00fcne gelece\u011fini biliyorum.<br \/>\n<\/span><span class=\"s1\">Derim yok olduktan sonra,<br \/>\n<\/span><span class=\"s1\">Yeni bedenimle Tanr\u0131\u2019y\u0131 g\u00f6rece\u011fim.<br \/>\n<\/span><span class=\"s1\">O\u2019nu kendim g\u00f6rece\u011fim,<br \/>\n<\/span><span class=\"s1\">Kendi g\u00f6zlerimle, ba\u015fkas\u0131 de\u011fil.<br \/>\n<\/span><span class=\"s1\">Y\u00fcre\u011fim bay\u0131l\u0131yor ba\u011fr\u0131mda!<br \/>\n========<br \/>\n<\/span><span class=\"s1\">1Pe. 3:18-22<\/span><\/p>\n<p class=\"p2\"><span class=\"s1\">Nitekim Mesih de bizleri Tanr\u0131\u2019ya ula\u015ft\u0131rmak amac\u0131yla do\u011fru ki\u015fi olarak do\u011fru olmayanlar i\u00e7in g\u00fcnah sunusu olarak ilk ve son kez \u00f6ld\u00fc. Bedence \u00f6ld\u00fcr\u00fcld\u00fc, ama ruh\u00e7a diriltildi. Ruhta gidip bunlar\u0131 zindanda olan ruhlara da duyurdu. Bir zamanlar, Nuh\u2019un g\u00fcnlerinde gemi yap\u0131l\u0131rken, Tanr\u0131\u2019n\u0131n sab\u0131rla beklemesine kar\u015f\u0131n bu ruhlar s\u00f6z dinlememi\u015flerdi. O gemide birka\u00e7 ki\u015fi, daha do\u011frusu sekiz ki\u015fi suyla kurtuldu. Bu olay vaftizi simgeliyor. Bedenin kirden ar\u0131nmas\u0131 de\u011fil, Tanr\u0131\u2019ya y\u00f6nelen temiz vicdan\u0131n dile\u011fi olan vaftiz, \u0130sa Mesihin dirili\u015fiyle \u015fimdi sizi de kurtar\u0131yor. G\u00f6\u011fe \u00e7\u0131km\u0131\u015f olan Mesih Tanr\u0131\u2019n\u0131n sa\u011f\u0131ndad\u0131r. B\u00fct\u00fcn melekler, yetkiler ve g\u00fc\u00e7ler O\u2019na ba\u011fl\u0131 k\u0131l\u0131nm\u0131\u015ft\u0131r.<br \/>\n========<br \/>\n<\/span><span class=\"s1\">Mat. 27:62-66<\/span><\/p>\n<p class=\"p2\"><span class=\"s1\">Ertesi g\u00fcn, yani Haz\u0131rl\u0131k G\u00fcn\u00fc\u2019nden sonraki g\u00fcn, ba\u015fk\u00e2hinlerle Ferisiler Pilatus\u2019un \u00f6n\u00fcnde toplanarak, \u2039\u2039Efendimiz\u203a\u203a dediler, \u2039\u2039O aldat\u0131c\u0131n\u0131n, daha ya\u015farken, \u2039Ben \u00f6ld\u00fckten \u00fc\u00e7 g\u00fcn sonra dirilece\u011fim\u203a dedi\u011fini hat\u0131rl\u0131yoruz. Onun i\u00e7in buyruk ver de \u00fc\u00e7\u00fcnc\u00fc g\u00fcne dek mezar\u0131 g\u00fcvenlik alt\u0131na als\u0131nlar. Yoksa \u00f6\u011frencileri gelir, cesedini \u00e7alar ve halka, \u2039\u00d6l\u00fcmden dirildi\u203a derler. Son aldatmaca ilkinden beter olur.\u203a\u203a <\/span><\/p>\n<p class=\"p3\"><span class=\"s1\">Pilatus onlara, \u2039\u2039Yan\u0131n\u0131za asker al\u0131n, gidip mezar\u0131 diledi\u011finiz gibi g\u00fcvenlik alt\u0131na al\u0131n\u203a\u203a dedi. Onlar da askerlerle birlikte gittiler, ta\u015f\u0131 m\u00fch\u00fcrleyip mezar\u0131 g\u00fcvenlik alt\u0131na ald\u0131lar.<\/span><span class=\"s1\">\u00a0<\/span><\/p>\n","protected":false},"excerpt":{"rendered":"<p>Lit\u00fcrjik renk:\u00a0Siyah Eski Antla\u015fma\u2019dan:\u00a0 Ey\u00fc. 19:25-27 Yeni Antla\u015fma\u2019dan:\u00a01Pe. 3:18-22 M\u00fcjde:\u00a0Matta 27:62-66 &nbsp; Ey\u00fc. 19:25-27 Oysa ben kurtar\u0131c\u0131m\u0131n ya\u015fad\u0131\u011f\u0131n\u0131, Sonunda yery\u00fcz\u00fcne gelece\u011fini biliyorum. Derim yok olduktan sonra, Yeni bedenimle Tanr\u0131\u2019y\u0131 g\u00f6rece\u011fim. &hellip; <a href=\"http:\/\/www.luteryenkilisesi.org\/?tribe_events=kutsal-cumartesi\" class=\"more-link\">Continue reading <span class=\"screen-reader-text\">Kutsal Cumartesi<\/span> <span class=\"meta-nav\">&rarr;<\/span><\/a><\/p>\n","protected":false},"author":11,"featured_media":0,"template":"","meta":{"_monsterinsights_skip_tracking":false,"_monsterinsights_sitenote_active":false,"_monsterinsights_sitenote_note":"","_monsterinsights_sitenote_category":0,"_tribe_events_status":"","_tribe_events_status_reason":"","footnotes":""},"tags":[],"tribe_events_cat":[17,16],"class_list":["post-1782","tribe_events","type-tribe_events","status-publish","hentry","tribe_events_cat-a-yili","tribe_events_cat-kilise-takvimi","cat_a-yili","cat_kilise-takvimi"],"_links":{"self":[{"href":"http:\/\/www.luteryenkilisesi.org\/index.php?rest_route=\/wp\/v2\/tribe_events\/1782","targetHints":{"allow":["GET"]}}],"collection":[{"href":"http:\/\/www.luteryenkilisesi.org\/index.php?rest_route=\/wp\/v2\/tribe_events"}],"about":[{"href":"http:\/\/www.luteryenkilisesi.org\/index.php?rest_route=\/wp\/v2\/types\/tribe_events"}],"author":[{"embeddable":true,"href":"http:\/\/www.luteryenkilisesi.org\/index.php?rest_route=\/wp\/v2\/users\/11"}],"version-history":[{"count":4,"href":"http:\/\/www.luteryenkilisesi.org\/index.php?rest_route=\/wp\/v2\/tribe_events\/1782\/revisions"}],"predecessor-version":[{"id":2686,"href":"http:\/\/www.luteryenkilisesi.org\/index.php?rest_route=\/wp\/v2\/tribe_events\/1782\/revisions\/2686"}],"wp:attachment":[{"href":"http:\/\/www.luteryenkilisesi.org\/index.php?rest_route=%2Fwp%2Fv2%2Fmedia&parent=1782"}],"wp:term":[{"taxonomy":"post_tag","embeddable":true,"href":"http:\/\/www.luteryenkilisesi.org\/index.php?rest_route=%2Fwp%2Fv2%2Ftags&post=1782"},{"taxonomy":"tribe_events_cat","embeddable":true,"href":"http:\/\/www.luteryenkilisesi.org\/index.php?rest_route=%2Fwp%2Fv2%2Ftribe_events_cat&post=1782"}],"curies":[{"name":"wp","href":"https:\/\/api.w.org\/{rel}","templated":true}]}}